{"id":623,"date":"2024-05-03T11:56:06","date_gmt":"2024-05-03T11:56:06","guid":{"rendered":"https:\/\/gyn-am-hirsch.de\/?page_id=623"},"modified":"2024-05-31T07:49:47","modified_gmt":"2024-05-31T07:49:47","slug":"datenschutz-bildnachweis","status":"publish","type":"page","link":"https:\/\/gyn-am-hirsch.de\/index.php\/datenschutz-bildnachweis\/","title":{"rendered":"Datenschutz &#038; Bildnachweis"},"content":{"rendered":"<p>[et_pb_section fb_built=&#8220;1&#8243; _builder_version=&#8220;4.25.0&#8243; _module_preset=&#8220;default&#8220; background_color=&#8220;#EEE5DC&#8220; custom_padding=&#8220;70px|||||&#8220; global_colors_info=&#8220;{}&#8220;][et_pb_row _builder_version=&#8220;4.25.0&#8243; _module_preset=&#8220;default&#8220; global_colors_info=&#8220;{}&#8220;][et_pb_column type=&#8220;4_4&#8243; _builder_version=&#8220;4.25.0&#8243; _module_preset=&#8220;default&#8220; global_colors_info=&#8220;{}&#8220;][et_pb_text _builder_version=&#8220;4.25.1&#8243; _module_preset=&#8220;default&#8220; text_font=&#8220;ABeeZee||||||||&#8220; header_font=&#8220;ABeeZee||||||||&#8220; header_text_color=&#8220;#823755&#8243; header_2_font=&#8220;Quattrocento Sans|&#8211;et_global_heading_font_weight|||||||&#8220; header_2_text_color=&#8220;#6E6E6D&#8220; header_2_font_size=&#8220;21px&#8220; hover_enabled=&#8220;0&#8243; global_colors_info=&#8220;{}&#8220; sticky_enabled=&#8220;0&#8243;]<\/p>\n<h1>Datenschutzerkl\u00e4rung<\/h1>\n<h2><\/h2>\n<h2><\/h2>\n<h2><\/h2>\n<h2>Allgemeine Hinweise<\/h2>\n<p>Die folgenden Hinweise geben einen einfachen \u00dcberblick dar\u00fcber, was mit Ihren personenbezogenen Daten passiert, wenn Sie diese Website besuchen. Personenbezogene Daten sind alle Daten, mit denen Sie pers\u00f6nlich identifiziert werden k\u00f6nnen. Ausf\u00fchrliche Informationen zum Thema Datenschutz entnehmen Sie unserer unter diesem Text aufgef\u00fchrten Datenschutzerkl\u00e4rung.<\/p>\n<p>Die Betreiber dieser Seiten nehmen den Schutz Ihrer pers\u00f6nlichen Daten sehr ernst. Wir behandeln Ihre personenbezogenen Daten vertraulich und entsprechend der gesetzlichen Datenschutzvorschriften sowie dieser Datenschutzerkl\u00e4rung.<\/p>\n<p>Wir weisen darauf hin, dass die Daten\u00fcbertragung im Internet (z. B. bei der Kommunikation per E-Mail) Sicherheitsl\u00fccken aufweisen kann. Ein l\u00fcckenloser Schutz der Daten vor dem Zugriff durch Dritte ist nicht m\u00f6glich.<\/p>\n<h2>Datenerfassung auf dieser Website<\/h2>\n<p><span style=\"text-decoration: underline;\">Wer ist verantwortlich f\u00fcr die Datenerfassung auf dieser Website?<br \/><\/span>Die Datenverarbeitung auf dieser Website erfolgt durch den Websitebetreiber. Die Kontaktdaten k\u00f6nnen Sie unter \u201eHinweis zur verantwortlichen Stelle\u201c entnehmen.<\/p>\n<p><span style=\"text-decoration: underline;\">Wie erfassen wir Ihre Daten?<br \/><\/span>Ihre Daten werden zum einen dadurch erhoben, dass Sie uns diese mitteilen. Hierbei kann es sich z. B. um Daten handeln, die Sie in ein Kontaktformular eingeben.<\/p>\n<p>Andere Daten werden automatisch beim Besuch der Website durch unsere IT-Systeme erfasst. Das sind vor allem technische Daten (z. B. Internetbrowser, Betriebssystem oder Uhrzeit des Seitenaufrufs). Die Erfassung dieser Daten erfolgt automatisch, sobald Sie diese Website betreten.<\/p>\n<p><span style=\"text-decoration: underline;\">Wof\u00fcr nutzen wir Ihre Daten?<br \/><\/span>Ein Teil der Daten wird erhoben, um eine fehlerfreie Bereitstellung der Website zu gew\u00e4hrleisten. Andere Daten k\u00f6nnen zur Kommunikation mit uns verwendet werden.<\/p>\n<p><span style=\"text-decoration: underline;\">Welche Rechte haben Sie bez\u00fcglich Ihrer Daten?<br \/><\/span>Sie haben jederzeit das Recht unentgeltlich Auskunft \u00fcber Herkunft, Empf\u00e4nger und Zweck Ihrer gespeicherten personenbezogenen Daten zu erhalten. Sie haben au\u00dferdem ein Recht, die Berichtigung oder L\u00f6schung dieser Daten zu verlangen. Hierzu sowie zu weiteren Fragen zum Thema Datenschutz k\u00f6nnen Sie sich jederzeit unter \u201eHinweis zur verantwortlichen Stelle\u201c angegebenen Adresse an uns wenden. Des Weiteren steht Ihnen ein Beschwerderecht bei der zust\u00e4ndigen Aufsichtsbeh\u00f6rde zu.<\/p>\n<p>Au\u00dferdem haben Sie das Recht, unter bestimmten Umst\u00e4nden die Einschr\u00e4nkung der Verarbeitung Ihrer personenbezogenen Daten zu verlangen. Details hierzu entnehmen Sie der Datenschutzerkl\u00e4rung unter \u201eRecht auf Einschr\u00e4nkung der Verarbeitung\u201c.<\/p>\n<h2>Hosting und Content Delivery Networks (CDN)<\/h2>\n<p><span style=\"text-decoration: underline;\">Hosting<br \/><\/span>Diese Website wird direkt auf unseren Servern gehostet. Die personenbezogenen Daten, die auf dieser Website erfasst werden, werden ausschlie\u00dflich auf diesen Servern gespeichert. Hierbei kann es sich v. a. um IP-Adressen, Kontaktanfragen, Meta- und Kommunikationsdaten, Vertragsdaten, Kontaktdaten, Namen, Webseitenzugriffe und sonstige Daten, die \u00fcber eine Website generiert werden, handeln.<\/p>\n<p>Der Einsatz erfolgt zum Zwecke der Vertragserf\u00fcllung gegen\u00fcber unseren potenziellen und bestehenden Kunden (Art. 6 Abs. 1 lit. b DSGVO) und im Interesse einer sicheren, schnellen und effizienten Bereitstellung unseres Online-Angebots (Art. 6 Abs. 1 lit. f DSGVO).<\/p>\n<p><span style=\"text-decoration: underline;\">Hinweis zur verantwortlichen Stelle<br \/><\/span>Die verantwortliche Stelle f\u00fcr die Datenverarbeitung auf dieser Website ist:<\/p>\n<p>Medizinisches Labor Ostsachsen MVZ GbR<br \/>Flinzstra\u00dfe 1<br \/>02625 Bautzen<\/p>\n<p>Telefon: +49 (0) 3591 48900<br \/>E-Mail: info@labor-ostsachsen.de<\/p>\n<p>Verantwortliche Stelle ist die nat\u00fcrliche oder juristische Person, die allein oder gemeinsam mit anderen \u00fcber die Zwecke und Mittel der Verarbeitung von personenbezogenen Daten (z. B. Namen, E-Mail-Adressen o. \u00c4.) entscheidet.<\/p>\n<p><span style=\"text-decoration: underline;\">Gesetzlich vorgeschriebener Datenschutzbeauftragter<br \/><\/span>Wir haben f\u00fcr unser Unternehmen einen Datenschutzbeauftragten bestellt:<\/p>\n<p>M.Sc. Attila Knels<br \/>Bremer Str. 57<br \/>01067 Dresden<\/p>\n<p>Telefon: +49 (0) 351 3140610374<br \/>E-Mail: <a href=\"mailto:datenschutz@labor-ostsachsen.de\">datenschutz@labor-ostsachsen.de<\/a><\/p>\n<p><span style=\"text-decoration: underline;\">Widerspruchsrecht gegen die Datenerhebung in besonderen F\u00e4llen sowie gegen Direktwerbung (Art. 21 DSGVO)<br \/><\/span>Wenn die Datenverarbeitung auf Grundlage von Art. 6 Abs. 1 lit. E oder F DSGVO erfolgt, haben Sie jederzeit das Recht, aus Gr\u00fcnden, die sich aus Ihrer besonderen Situation ergeben, gegen die Verarbeitung Ihrer personenbezogenen Daten Widerspruch einzulegen; dies gilt auch f\u00fcr ein auf diese Bestimmungen gest\u00fctzes Profiling. Die jeweilige Rechtsgrundlage, auf denen eine Verarbeitung beruht, entnehmen Sie dieser Datenschutzerkl\u00e4rung. Wenn Sie Widerspruch einlegen, werden wir Ihre betroffenen personenbezogenen Daten nicht mehr verarbeiten, es sei denn, wir k\u00f6nnen zwingende schutzw\u00fcrdige Gr\u00fcnde f\u00fcr die Verarbeitung nachweisen, die Ihre Interessen, Rechte und Freiheiten \u00fcberwiegen oder die Verarbeitung dient der Geltendmachung, Aus\u00fcbung oder Verteidigung von Rechtsanspr\u00fcchen. (Widerspruch nach Art. 21 Abs. 1 DSGVO).<\/p>\n<p>Werden Ihre personenbezogene Daten verarbeitet, um Direktwerbung zu betreiben, so haben Sie das Recht, jederzeit Widerspruch gegen die Verarbeitung Sie betreffender personenbezogener Daten zum Zwecke derartiger Werbung einzulegen; dies gilt auch f\u00fcr das Profiling, soweit es mit solcher Direktwerbung in Verbindungen steht. Wenn Sie Widersprechen, werden Ihre personenbezogene Daten anschliessend nicht mehr zum Zweck der Direktwerbung verwendet. (Widerspruch nach Art. 21 Abs. 2 DSGVO).<\/p>\n<p><span style=\"text-decoration: underline;\">Beschwerderecht bei der zust\u00e4ndigen Aufsichtsbeh\u00f6rde<br \/><\/span>Im Falle von Verst\u00f6\u00dfen gegen die DSGVO steht den Betroffenen ein Beschwerderecht bei einer Aufsichtsbeh\u00f6rde, insbesondere in dem Mitgliedstaat ihres gew\u00f6hnlichen Aufenthalts, ihres Arbeitsplatzes oder des Orts des mutma\u00dflichen Versto\u00dfes zu. Das Beschwerderecht besteht unbeschadet anderweitiger verwaltungsrechtlicher oder gerichtlicher Rechtsbehelfe.<\/p>\n<p><span style=\"text-decoration: underline;\">Recht auf Daten\u00fcbertragbarkeit<br \/><\/span>Sie haben das Recht, Daten, die wir auf Grundlage Ihrer Einwilligung oder in Erf\u00fcllung eines Vertrags automatisiert verarbeiten, an sich oder an einen Dritten in einem g\u00e4ngigen, maschinenlesbaren Format aush\u00e4ndigen zu lassen. Sofern Sie die direkte \u00dcbertragung der Daten an einen anderen Verantwortlichen verlangen, erfolgt dies nur, soweit es technisch machbar ist.<\/p>\n<p><span style=\"text-decoration: underline;\">SSL- bzw. TLS-Verschl\u00fcsselung<br \/><\/span>Diese Seite nutzt aus Sicherheitsgr\u00fcnden und zum Schutz der \u00dcbertragung vertraulicher Inhalte, wie zum Beispiel Bestellungen oder Anfragen, die Sie an uns als Seitenbetreiber senden, eine SSL- bzw. TLS-Verschl\u00fcsselung. Eine verschl\u00fcsselte Verbindung erkennen Sie daran, dass die Adresszeile des Browsers von \u201ehttp:\/\/\u201c auf \u201ehttps:\/\/\u201c wechselt und an dem Schloss-Symbol in Ihrer Browserzeile.<\/p>\n<p>Wenn die SSL- bzw. TLS-Verschl\u00fcsselung aktiviert ist, k\u00f6nnen die Daten, die Sie an uns \u00fcbermitteln, nicht von Dritten mitgelesen werden.<\/p>\n<p><span style=\"text-decoration: underline;\">Auskunft, L\u00f6schung und Berichtigung<br \/><\/span>Sie haben im Rahmen der geltenden gesetzlichen Bestimmungen jederzeit das Recht auf unentgeltliche Auskunft \u00fcber Ihre gespeicherten personenbezogenen Daten, deren Herkunft und Empf\u00e4nger und den Zweck der Datenverarbeitung und ggf. ein Recht auf Berichtigung oder L\u00f6schung dieser Daten. Hierzu sowie zu weiteren Fragen zum Thema personenbezogene Daten k\u00f6nnen Sie sich jederzeit unter der im Impressum angegebenen Adresse an uns wenden.<\/p>\n<p><span style=\"text-decoration: underline;\">Recht auf Einschr\u00e4nkung der Verarbeitung<br \/><\/span>Sie haben das Recht, die Einschr\u00e4nkung der Verarbeitung Ihrer personenbezogenen Daten zu verlangen. Hierzu k\u00f6nnen Sie sich jederzeit unter der im Impressum angegebenen Adresse an uns wenden. Das Recht auf Einschr\u00e4nkung der Verarbeitung besteht in folgenden F\u00e4llen:<\/p>\n<ul>\n<li>Wenn Sie die Richtigkeit Ihrer bei uns gespeicherten personenbezogenen Daten bestreiten, ben\u00f6tigen wir in der Regel Zeit, um dies zu \u00fcberpr\u00fcfen. F\u00fcr die Dauer der Pr\u00fcfung haben Sie das Recht, die Einschr\u00e4nkung der Verarbeitung Ihrer personenbezogenen Daten zu verlangen.<\/li>\n<li>Wenn die Verarbeitung Ihrer personenbezogenen Daten unrechtm\u00e4\u00dfig geschah\/geschieht, k\u00f6nnen Sie statt der L\u00f6schung die Einschr\u00e4nkung der Datenverarbeitung verlangen.<\/li>\n<li>Wenn wir Ihre personenbezogenen Daten nicht mehr ben\u00f6tigen, Sie sie jedoch zur Aus\u00fcbung, Verteidigung oder Geltendmachung von Rechtsanspr\u00fcchen ben\u00f6tigen, haben Sie das Recht, statt der L\u00f6schung die Einschr\u00e4nkung der Verarbeitung Ihrer personenbezogenen Daten zu verlangen.<\/li>\n<li>Wenn Sie einen Widerspruch nach Art. 21 Abs. 1 DSGVO eingelegt haben, muss eine Abw\u00e4gung zwischen Ihren und unseren Interessen vorgenommen werden. Solange noch nicht feststeht, wessen Interessen \u00fcberwiegen, haben Sie das Recht, die Einschr\u00e4nkung der Verarbeitung Ihrer personenbezogenen Daten zu verlangen.<\/li>\n<\/ul>\n<p>Wenn Sie die Verarbeitung Ihrer personenbezogenen Daten eingeschr\u00e4nkt haben, d\u00fcrfen diese Daten \u2013 von ihrer Speicherung abgesehen \u2013 nur mit Ihrer Einwilligung oder zur Geltendmachung, Aus\u00fcbung oder Verteidigung von Rechtsanspr\u00fcchen oder zum Schutz der Rechte einer anderen nat\u00fcrlichen oder juristischen Person oder aus Gr\u00fcnden eines wichtigen \u00f6ffentlichen Interesses der Europ\u00e4ischen Union oder eines Mitgliedstaats verarbeitet werden.<\/p>\n<p>&nbsp;<\/p>\n<p><span style=\"text-decoration: underline;\">Server-Log-Dateien<br \/><\/span>Der Provider der Seiten erhebt und speichert automatisch Informationen in so genannten Server-Log-Dateien, die Ihr Browser automatisch an uns \u00fcbermittelt. Dies sind:<\/p>\n<ul>\n<li>Browsertyp und Browserversion<\/li>\n<li>verwendetes Betriebssystem<\/li>\n<li>Referrer URL<\/li>\n<li>Hostname des zugreifenden Rechners<\/li>\n<li>Uhrzeit der Serveranfrage<\/li>\n<li>IP-Adresse<\/li>\n<\/ul>\n<p>Eine Zusammenf\u00fchrung dieser Daten mit anderen Datenquellen wird nicht vorgenommen.<\/p>\n<p>Die Erfassung dieser Daten erfolgt auf Grundlage von Art. 6 Abs. 1 lit. f DSGVO. Der Websitebetreiber hat ein berechtigtes Interesse an der technisch fehlerfreien Darstellung und der Optimierung seiner Website \u2013 hierzu m\u00fcssen die Server-Log-Files erfasst werden.<\/p>\n<p><span style=\"text-decoration: underline;\">Kontaktformular<br \/><\/span>Wenn Sie uns per Kontaktformular Anfragen zukommen lassen, werden Ihre Angaben aus dem Anfrageformular inklusive der von Ihnen dort angegebenen Kontaktdaten zwecks Bearbeitung der Anfrage und f\u00fcr den Fall von Anschlussfragen bei uns gespeichert. Diese Daten geben wir nicht ohne Ihre Einwilligung weiter.<\/p>\n<p>Die Verarbeitung dieser Daten erfolgt auf Grundlage von Art. 6 Abs. 1 lit. b DSGVO, sofern Ihre Anfrage mit der Erf\u00fcllung eines Vertrags zusammenh\u00e4ngt oder zur Durchf\u00fchrung vorvertraglicher Ma\u00dfnahmen erforderlich ist. In allen \u00fcbrigen F\u00e4llen beruht die Verarbeitung auf unserem berechtigten Interesse an der effektiven Bearbeitung der an uns gerichteten Anfragen (Art. 6 Abs. 1 lit. f DSGVO).<\/p>\n<p>Die von Ihnen im Kontaktformular eingegebenen Daten verbleiben bei uns, bis Sie uns zur L\u00f6schung auffordern oder der Zweck f\u00fcr die Datenspeicherung entf\u00e4llt (z. B. nach abgeschlossener Bearbeitung Ihrer Anfrage).<\/p>\n<p><span style=\"text-decoration: underline;\">Anfrage per E-Mail, Telefon oder Telefax<br \/><\/span>Wenn Sie uns per E-Mail, Telefon oder Telefax kontaktieren, wird Ihre Anfrage inklusive aller daraus hervorgehenden personenbezogenen Daten (Name, Anfrage) zum Zwecke der Bearbeitung Ihres Anliegens bei uns gespeichert und verarbeitet. Diese Daten geben wir nicht ohne Ihre Einwilligung weiter.<\/p>\n<p>Die Verarbeitung dieser Daten erfolgt auf Grundlage von Art. 6 Abs. 1 lit. b DSGVO, sofern Ihre Anfrage mit der Erf\u00fcllung eines Vertrags zusammenh\u00e4ngt oder zur Durchf\u00fchrung vorvertraglicher Ma\u00dfnahmen erforderlich ist. In allen \u00fcbrigen F\u00e4llen beruht die Verarbeitung auf unseren berechtigten Interessen (Art. 6 Abs. 1 lit. f DSGVO), da ein berechtigtes Interesse an der effektiven Bearbeitung der an uns gerichteten Anfragen besteht.<\/p>\n<p>Die von Ihnen an uns per Kontaktanfragen \u00fcbersandten Daten verbleiben bei uns, bis Sie uns zur L\u00f6schung auffordern oder der Zweck f\u00fcr die Datenspeicherung entf\u00e4llt (z. B. nach abgeschlossener Bearbeitung Ihres Anliegens).<\/p>\n<h2>Plugins und Tools<\/h2>\n<p><span style=\"text-decoration: underline;\">Google Maps<br \/><\/span>Wir nutzen den Kartendienst von Google Maps. Anbieterin ist die Google LLC.<\/p>\n<p>Wenn Sie eine Website besuchen, auf der Google Maps eingebunden ist und der Verwendungen zustimmen, werden u. a. Ihre IP-Adresse und weitere Informationen \u00fcber Ihr Verhalten auf dieser Website an die Google LLC weitergeleitet. Weiterhin kann die Google LLC Cookies setzen, worauf der Anbieter dieser Seite keinen Einfluss hat.<\/p>\n<p>Ferner kann Ihr Standort erfasst werden, wenn Sie dies in Ihren Ger\u00e4teeinstellungen \u2013 z. B. auf Ihrem Handy \u2013 zugelassen haben. Der Anbieter dieser Seite hat keinen Einfluss auf diese Daten\u00fcbertragung. Details entnehmen Sie der Datenschutzerkl\u00e4rung von OpenStreetMap unter folgendem Link: <a href=\"https:\/\/policies.google.com\/privacy?hl=de\">https:\/\/policies.google.com\/privacy?hl=de<\/a>.<\/p>\n<h2>Umgang mit Bewerberdaten<span style=\"text-decoration: underline;\"><\/span><\/h2>\n<p>Wir bieten Ihnen die M\u00f6glichkeit, sich bei uns zu bewerben (z. B. per E-Mail, postalisch oder via Online-Bewerberformular). Im Folgenden informieren wir Sie \u00fcber Umfang, Zweck und Verwendung Ihrer im Rahmen des Bewerbungsprozesses erhobenen personenbezogenen Daten.<\/p>\n<p><span style=\"text-decoration: underline;\">Umfang und Zweck der Datenerhebung<br \/><\/span>Wenn Sie uns eine Bewerbung zukommen lassen, verarbeiten wir Ihre damit verbundenen personenbezogenen Daten (z. B. Kontakt- und Kommunikationsdaten, Bewerbungsunterlagen etc.), soweit dies zur Entscheidung \u00fcber die Begr\u00fcndung eines Besch\u00e4ftigungsverh\u00e4ltnisses erforderlich ist. Rechtsgrundlage hierf\u00fcr ist \u00a7 26 BDSG-neu nach deutschem Recht (Anbahnung eines Besch\u00e4ftigungsverh\u00e4ltnisses), Art. 6 Abs. 1 lit. b DSGVO (allgemeine Vertragsanbahnung) und \u2013 sofern Sie eine Einwilligung erteilt haben \u2013 Art. 6 Abs. 1 lit. a DSGVO. Die Einwilligung ist jederzeit widerrufbar. Ihre personenbezogenen Daten werden innerhalb unseres Unternehmens ausschlie\u00dflich an Personen weitergegeben, die an der Bearbeitung Ihrer Bewerbung beteiligt sind.<\/p>\n<p>Sofern die Bewerbung erfolgreich ist, werden die von Ihnen eingereichten Daten auf Grundlage von \u00a7 26 BDSG-neu und Art. 6 Abs. 1 lit. b DSGVO zum Zwecke der Durchf\u00fchrung des Besch\u00e4ftigungsverh\u00e4ltnisses in unseren Datenverarbeitungssystemen gespeichert.<\/p>\n<p><span style=\"text-decoration: underline;\">Aufbewahrungsdauer der Daten<br \/><\/span>Sofern wir Ihnen kein Stellenangebot machen k\u00f6nnen, Sie ein Stellenangebot ablehnen oder Ihre Bewerbung zur\u00fcckziehen, behalten wir uns das Recht vor, die von Ihnen \u00fcbermittelten Daten auf Grundlage unserer berechtigten Interessen (Art. 6 Abs. 1 lit. f DSGVO) bis zu 6 Monate ab der Beendigung des Bewerbungsverfahrens (Ablehnung oder Zur\u00fcckziehung der Bewerbung) bei uns aufzubewahren. Anschlie\u00dfend werden die Daten gel\u00f6scht und die physischen Bewerbungsunterlagen vernichtet. Die Aufbewahrung dient insbesondere Nachweiszwecken im Falle eines Rechtsstreits. Sofern ersichtlich ist, dass die Daten nach Ablauf der 6-Monatsfrist erforderlich sein werden (z.B. aufgrund eines drohenden oder anh\u00e4ngigen Rechtsstreits), findet eine L\u00f6schung erst statt, wenn der Zweck f\u00fcr die weitergehende Aufbewahrung entf\u00e4llt.<\/p>\n<p>Eine l\u00e4ngere Aufbewahrung kann au\u00dferdem stattfinden, wenn Sie eine entsprechende Einwilligung (Art. 6 Abs. 1 lit. a DSGVO) erteilt haben oder wenn gesetzliche Aufbewahrungspflichten der L\u00f6schung entgegenstehen.<\/p>\n<p>&nbsp;<\/p>\n<p>[\/et_pb_text][\/et_pb_column][\/et_pb_row][\/et_pb_section]<\/p>\n","protected":false},"excerpt":{"rendered":"<p>Datenschutzerkl\u00e4rung Allgemeine Hinweise Die folgenden Hinweise geben einen einfachen \u00dcberblick dar\u00fcber, was mit Ihren personenbezogenen Daten passiert, wenn Sie diese Website besuchen. Personenbezogene Daten sind alle Daten, mit denen Sie pers\u00f6nlich identifiziert werden k\u00f6nnen. Ausf\u00fchrliche Informationen zum Thema Datenschutz entnehmen Sie unserer unter diesem Text aufgef\u00fchrten Datenschutzerkl\u00e4rung. Die Betreiber dieser Seiten nehmen den Schutz Ihrer [&hellip;]<\/p>\n","protected":false},"author":2,"featured_media":0,"parent":0,"menu_order":0,"comment_status":"closed","ping_status":"closed","template":"","meta":{"_et_pb_use_builder":"on","_et_pb_old_content":"","_et_gb_content_width":"","inline_featured_image":false,"footnotes":""},"class_list":["post-623","page","type-page","status-publish","hentry"],"_links":{"self":[{"href":"https:\/\/gyn-am-hirsch.de\/index.php\/wp-json\/wp\/v2\/pages\/623","targetHints":{"allow":["GET"]}}],"collection":[{"href":"https:\/\/gyn-am-hirsch.de\/index.php\/wp-json\/wp\/v2\/pages"}],"about":[{"href":"https:\/\/gyn-am-hirsch.de\/index.php\/wp-json\/wp\/v2\/types\/page"}],"author":[{"embeddable":true,"href":"https:\/\/gyn-am-hirsch.de\/index.php\/wp-json\/wp\/v2\/users\/2"}],"replies":[{"embeddable":true,"href":"https:\/\/gyn-am-hirsch.de\/index.php\/wp-json\/wp\/v2\/comments?post=623"}],"version-history":[{"count":9,"href":"https:\/\/gyn-am-hirsch.de\/index.php\/wp-json\/wp\/v2\/pages\/623\/revisions"}],"predecessor-version":[{"id":869,"href":"https:\/\/gyn-am-hirsch.de\/index.php\/wp-json\/wp\/v2\/pages\/623\/revisions\/869"}],"wp:attachment":[{"href":"https:\/\/gyn-am-hirsch.de\/index.php\/wp-json\/wp\/v2\/media?parent=623"}],"curies":[{"name":"wp","href":"https:\/\/api.w.org\/{rel}","templated":true}]}}